{"id":1832,"date":"2025-07-02T11:20:57","date_gmt":"2025-07-02T09:20:57","guid":{"rendered":"https:\/\/imacellotti.it\/prodotto\/salame-contadino-arancia-rosmarino\/"},"modified":"2025-09-25T23:30:30","modified_gmt":"2025-09-25T21:30:30","slug":"salame-contadino-arancia-rosmarino","status":"publish","type":"product","link":"https:\/\/imacellotti.it\/fr\/produit\/salame-contadino-arancia-rosmarino\/","title":{"rendered":"SALAME CONTADINO ARANCIA e ROSMARINO"},"content":{"rendered":"","protected":false},"excerpt":{"rendered":"<p class=\"p1\">Le Salame Contadino Arancia e Rosmarino est n\u00e9 d\u2019une recette originale.<br \/>\nPr\u00e9par\u00e9 avec de la viande porcine s\u00e9lectionn\u00e9e, il est enrichi d\u2019\u00e9corces d\u2019orange et de romarin qui donnent un parfum et un ar\u00f4me frais et \u00e9pic\u00e9.<br \/>\nLa maturation lente am\u00e9liore le go\u00fbt rustique et \u00e9quilibr\u00e9<br \/>\npar des notes d\u2019agrumes et d\u2019herbes.<br \/>\nId\u00e9al pour ceux qui recherchent une charcuterie avec un caract\u00e8re unique, parfait dans les planches \u00e0 d\u00e9couper et combin\u00e9<br \/>\navec des fromages d\u00e9licats.<\/p>\n","protected":false},"featured_media":1375,"comment_status":"open","ping_status":"closed","template":"","meta":[],"product_brand":[],"product_cat":[255],"product_tag":[],"class_list":["post-1832","product","type-product","status-publish","has-post-thumbnail","product_cat-salami-contadini-fr","first","instock","shipping-taxable","product-type-simple"],"yoast_head":"<!-- This site is optimized with the Yoast SEO plugin v26.0 - https:\/\/yoast.com\/wordpress\/plugins\/seo\/ -->\n<title>SALAME CONTADINO ARANCIA e ROSMARINO - I Macellotti<\/title>\n<meta name=\"robots\" content=\"index, follow, max-snippet:-1, max-image-preview:large, max-video-preview:-1\" \/>\n<link rel=\"canonical\" href=\"https:\/\/imacellotti.it\/fr\/produit\/salame-contadino-arancia-rosmarino\/\" \/>\n<meta property=\"og:locale\" content=\"fr_FR\" \/>\n<meta property=\"og:type\" content=\"article\" \/>\n<meta property=\"og:title\" content=\"SALAME CONTADINO ARANCIA e ROSMARINO - I Macellotti\" \/>\n<meta property=\"og:description\" content=\"Le Salame Contadino Arancia e Rosmarino est n\u00e9 d\u2019une recette originale. Pr\u00e9par\u00e9 avec de la viande porcine s\u00e9lectionn\u00e9e, il est enrichi d\u2019\u00e9corces d\u2019orange et de romarin qui donnent un parfum et un ar\u00f4me frais et \u00e9pic\u00e9. La maturation lente am\u00e9liore le go\u00fbt rustique et \u00e9quilibr\u00e9 par des notes d\u2019agrumes et d\u2019herbes. Id\u00e9al pour ceux qui recherchent une charcuterie avec un caract\u00e8re unique, parfait dans les planches \u00e0 d\u00e9couper et combin\u00e9 avec des fromages d\u00e9licats.\" \/>\n<meta property=\"og:url\" content=\"https:\/\/imacellotti.it\/fr\/produit\/salame-contadino-arancia-rosmarino\/\" \/>\n<meta property=\"og:site_name\" content=\"I Macellotti\" \/>\n<meta property=\"article:modified_time\" content=\"2025-09-25T21:30:30+00:00\" \/>\n<meta property=\"og:image\" content=\"https:\/\/imacellotti.it\/wp-content\/uploads\/2025\/07\/Contadino-arancia-e-rosmarino.jpg\" \/>\n\t<meta property=\"og:image:width\" content=\"1080\" \/>\n\t<meta property=\"og:image:height\" content=\"1080\" \/>\n\t<meta property=\"og:image:type\" content=\"image\/jpeg\" \/>\n<meta name=\"twitter:card\" content=\"summary_large_image\" \/>\n<script type=\"application\/ld+json\" class=\"yoast-schema-graph\">{\"@context\":\"https:\/\/schema.org\",\"@graph\":[{\"@type\":\"WebPage\",\"@id\":\"https:\/\/imacellotti.it\/fr\/produit\/salame-contadino-arancia-rosmarino\/\",\"url\":\"https:\/\/imacellotti.it\/fr\/produit\/salame-contadino-arancia-rosmarino\/\",\"name\":\"SALAME CONTADINO ARANCIA e ROSMARINO - I Macellotti\",\"isPartOf\":{\"@id\":\"https:\/\/imacellotti.it\/#website\"},\"primaryImageOfPage\":{\"@id\":\"https:\/\/imacellotti.it\/fr\/produit\/salame-contadino-arancia-rosmarino\/#primaryimage\"},\"image\":{\"@id\":\"https:\/\/imacellotti.it\/fr\/produit\/salame-contadino-arancia-rosmarino\/#primaryimage\"},\"thumbnailUrl\":\"https:\/\/imacellotti.it\/wp-content\/uploads\/2025\/07\/Contadino-arancia-e-rosmarino.jpg\",\"datePublished\":\"2025-07-02T09:20:57+00:00\",\"dateModified\":\"2025-09-25T21:30:30+00:00\",\"breadcrumb\":{\"@id\":\"https:\/\/imacellotti.it\/fr\/produit\/salame-contadino-arancia-rosmarino\/#breadcrumb\"},\"inLanguage\":\"fr-FR\",\"potentialAction\":[{\"@type\":\"ReadAction\",\"target\":[\"https:\/\/imacellotti.it\/fr\/produit\/salame-contadino-arancia-rosmarino\/\"]}]},{\"@type\":\"ImageObject\",\"inLanguage\":\"fr-FR\",\"@id\":\"https:\/\/imacellotti.it\/fr\/produit\/salame-contadino-arancia-rosmarino\/#primaryimage\",\"url\":\"https:\/\/imacellotti.it\/wp-content\/uploads\/2025\/07\/Contadino-arancia-e-rosmarino.jpg\",\"contentUrl\":\"https:\/\/imacellotti.it\/wp-content\/uploads\/2025\/07\/Contadino-arancia-e-rosmarino.jpg\",\"width\":1080,\"height\":1080},{\"@type\":\"BreadcrumbList\",\"@id\":\"https:\/\/imacellotti.it\/fr\/produit\/salame-contadino-arancia-rosmarino\/#breadcrumb\",\"itemListElement\":[{\"@type\":\"ListItem\",\"position\":1,\"name\":\"Home\",\"item\":\"https:\/\/imacellotti.it\/\"},{\"@type\":\"ListItem\",\"position\":2,\"name\":\"Boutique\",\"item\":\"https:\/\/imacellotti.it\/fr\/boutique\/\"},{\"@type\":\"ListItem\",\"position\":3,\"name\":\"SALAME CONTADINO ARANCIA e ROSMARINO\"}]},{\"@type\":\"WebSite\",\"@id\":\"https:\/\/imacellotti.it\/#website\",\"url\":\"https:\/\/imacellotti.it\/\",\"name\":\"I Macellotti\",\"description\":\"Vente de produits alimentaires\",\"publisher\":{\"@id\":\"https:\/\/imacellotti.it\/#organization\"},\"potentialAction\":[{\"@type\":\"SearchAction\",\"target\":{\"@type\":\"EntryPoint\",\"urlTemplate\":\"https:\/\/imacellotti.it\/?s={search_term_string}\"},\"query-input\":{\"@type\":\"PropertyValueSpecification\",\"valueRequired\":true,\"valueName\":\"search_term_string\"}}],\"inLanguage\":\"fr-FR\"},{\"@type\":\"Organization\",\"@id\":\"https:\/\/imacellotti.it\/#organization\",\"name\":\"I Macellotti\",\"url\":\"https:\/\/imacellotti.it\/\",\"logo\":{\"@type\":\"ImageObject\",\"inLanguage\":\"fr-FR\",\"@id\":\"https:\/\/imacellotti.it\/#\/schema\/logo\/image\/\",\"url\":\"https:\/\/imacellotti.it\/wp-content\/uploads\/2025\/07\/LOGO_ITA_SF_I_MACELLOTTI_SCRITTA_IN-marrone-scaled.png\",\"contentUrl\":\"https:\/\/imacellotti.it\/wp-content\/uploads\/2025\/07\/LOGO_ITA_SF_I_MACELLOTTI_SCRITTA_IN-marrone-scaled.png\",\"width\":2560,\"height\":2560,\"caption\":\"I Macellotti\"},\"image\":{\"@id\":\"https:\/\/imacellotti.it\/#\/schema\/logo\/image\/\"}}]}<\/script>\n<!-- \/ Yoast SEO plugin. -->","yoast_head_json":{"title":"SALAME CONTADINO ARANCIA e ROSMARINO - I Macellotti","robots":{"index":"index","follow":"follow","max-snippet":"max-snippet:-1","max-image-preview":"max-image-preview:large","max-video-preview":"max-video-preview:-1"},"canonical":"https:\/\/imacellotti.it\/fr\/produit\/salame-contadino-arancia-rosmarino\/","og_locale":"fr_FR","og_type":"article","og_title":"SALAME CONTADINO ARANCIA e ROSMARINO - I Macellotti","og_description":"Le Salame Contadino Arancia e Rosmarino est n\u00e9 d\u2019une recette originale. Pr\u00e9par\u00e9 avec de la viande porcine s\u00e9lectionn\u00e9e, il est enrichi d\u2019\u00e9corces d\u2019orange et de romarin qui donnent un parfum et un ar\u00f4me frais et \u00e9pic\u00e9. La maturation lente am\u00e9liore le go\u00fbt rustique et \u00e9quilibr\u00e9 par des notes d\u2019agrumes et d\u2019herbes. Id\u00e9al pour ceux qui recherchent une charcuterie avec un caract\u00e8re unique, parfait dans les planches \u00e0 d\u00e9couper et combin\u00e9 avec des fromages d\u00e9licats.","og_url":"https:\/\/imacellotti.it\/fr\/produit\/salame-contadino-arancia-rosmarino\/","og_site_name":"I Macellotti","article_modified_time":"2025-09-25T21:30:30+00:00","og_image":[{"width":1080,"height":1080,"url":"https:\/\/imacellotti.it\/wp-content\/uploads\/2025\/07\/Contadino-arancia-e-rosmarino.jpg","type":"image\/jpeg"}],"twitter_card":"summary_large_image","schema":{"@context":"https:\/\/schema.org","@graph":[{"@type":"WebPage","@id":"https:\/\/imacellotti.it\/fr\/produit\/salame-contadino-arancia-rosmarino\/","url":"https:\/\/imacellotti.it\/fr\/produit\/salame-contadino-arancia-rosmarino\/","name":"SALAME CONTADINO ARANCIA e ROSMARINO - I Macellotti","isPartOf":{"@id":"https:\/\/imacellotti.it\/#website"},"primaryImageOfPage":{"@id":"https:\/\/imacellotti.it\/fr\/produit\/salame-contadino-arancia-rosmarino\/#primaryimage"},"image":{"@id":"https:\/\/imacellotti.it\/fr\/produit\/salame-contadino-arancia-rosmarino\/#primaryimage"},"thumbnailUrl":"https:\/\/imacellotti.it\/wp-content\/uploads\/2025\/07\/Contadino-arancia-e-rosmarino.jpg","datePublished":"2025-07-02T09:20:57+00:00","dateModified":"2025-09-25T21:30:30+00:00","breadcrumb":{"@id":"https:\/\/imacellotti.it\/fr\/produit\/salame-contadino-arancia-rosmarino\/#breadcrumb"},"inLanguage":"fr-FR","potentialAction":[{"@type":"ReadAction","target":["https:\/\/imacellotti.it\/fr\/produit\/salame-contadino-arancia-rosmarino\/"]}]},{"@type":"ImageObject","inLanguage":"fr-FR","@id":"https:\/\/imacellotti.it\/fr\/produit\/salame-contadino-arancia-rosmarino\/#primaryimage","url":"https:\/\/imacellotti.it\/wp-content\/uploads\/2025\/07\/Contadino-arancia-e-rosmarino.jpg","contentUrl":"https:\/\/imacellotti.it\/wp-content\/uploads\/2025\/07\/Contadino-arancia-e-rosmarino.jpg","width":1080,"height":1080},{"@type":"BreadcrumbList","@id":"https:\/\/imacellotti.it\/fr\/produit\/salame-contadino-arancia-rosmarino\/#breadcrumb","itemListElement":[{"@type":"ListItem","position":1,"name":"Home","item":"https:\/\/imacellotti.it\/"},{"@type":"ListItem","position":2,"name":"Boutique","item":"https:\/\/imacellotti.it\/fr\/boutique\/"},{"@type":"ListItem","position":3,"name":"SALAME CONTADINO ARANCIA e ROSMARINO"}]},{"@type":"WebSite","@id":"https:\/\/imacellotti.it\/#website","url":"https:\/\/imacellotti.it\/","name":"I Macellotti","description":"Vente de produits alimentaires","publisher":{"@id":"https:\/\/imacellotti.it\/#organization"},"potentialAction":[{"@type":"SearchAction","target":{"@type":"EntryPoint","urlTemplate":"https:\/\/imacellotti.it\/?s={search_term_string}"},"query-input":{"@type":"PropertyValueSpecification","valueRequired":true,"valueName":"search_term_string"}}],"inLanguage":"fr-FR"},{"@type":"Organization","@id":"https:\/\/imacellotti.it\/#organization","name":"I Macellotti","url":"https:\/\/imacellotti.it\/","logo":{"@type":"ImageObject","inLanguage":"fr-FR","@id":"https:\/\/imacellotti.it\/#\/schema\/logo\/image\/","url":"https:\/\/imacellotti.it\/wp-content\/uploads\/2025\/07\/LOGO_ITA_SF_I_MACELLOTTI_SCRITTA_IN-marrone-scaled.png","contentUrl":"https:\/\/imacellotti.it\/wp-content\/uploads\/2025\/07\/LOGO_ITA_SF_I_MACELLOTTI_SCRITTA_IN-marrone-scaled.png","width":2560,"height":2560,"caption":"I Macellotti"},"image":{"@id":"https:\/\/imacellotti.it\/#\/schema\/logo\/image\/"}}]}},"_links":{"self":[{"href":"https:\/\/imacellotti.it\/fr\/wp-json\/wp\/v2\/product\/1832","targetHints":{"allow":["GET"]}}],"collection":[{"href":"https:\/\/imacellotti.it\/fr\/wp-json\/wp\/v2\/product"}],"about":[{"href":"https:\/\/imacellotti.it\/fr\/wp-json\/wp\/v2\/types\/product"}],"replies":[{"embeddable":true,"href":"https:\/\/imacellotti.it\/fr\/wp-json\/wp\/v2\/comments?post=1832"}],"wp:featuredmedia":[{"embeddable":true,"href":"https:\/\/imacellotti.it\/fr\/wp-json\/wp\/v2\/media\/1375"}],"wp:attachment":[{"href":"https:\/\/imacellotti.it\/fr\/wp-json\/wp\/v2\/media?parent=1832"}],"wp:term":[{"taxonomy":"product_brand","embeddable":true,"href":"https:\/\/imacellotti.it\/fr\/wp-json\/wp\/v2\/product_brand?post=1832"},{"taxonomy":"product_cat","embeddable":true,"href":"https:\/\/imacellotti.it\/fr\/wp-json\/wp\/v2\/product_cat?post=1832"},{"taxonomy":"product_tag","embeddable":true,"href":"https:\/\/imacellotti.it\/fr\/wp-json\/wp\/v2\/product_tag?post=1832"}],"curies":[{"name":"wp","href":"https:\/\/api.w.org\/{rel}","templated":true}]}}