{"id":1851,"date":"2025-07-02T10:59:04","date_gmt":"2025-07-02T08:59:04","guid":{"rendered":"https:\/\/imacellotti.it\/prodotto\/salsiccia-curva\/"},"modified":"2025-09-25T23:47:57","modified_gmt":"2025-09-25T21:47:57","slug":"salsiccia-curva","status":"publish","type":"product","link":"https:\/\/imacellotti.it\/fr\/produit\/salsiccia-curva\/","title":{"rendered":"SAUCISSE COURB\u00c9E"},"content":{"rendered":"","protected":false},"excerpt":{"rendered":"<p class=\"p1\">La Salsiccia Curva Classica est un grand classique<br \/>\nde la tradition Norcina avec un go\u00fbt plein et authentique.<br \/>\nPr\u00e9par\u00e9e avec de la viande de porc choisie et assaisonn\u00e9e avec du sel, du poivre et des ar\u00f4mes naturels, elle se distingue par sa<br \/>\nsimplicit\u00e9 et son go\u00fbt authentique.<br \/>\nSa forme arqu\u00e9e et sa consistance compacte la rendent parfaite aussi bien pour la cuisson au gril que pour une courte p\u00e9riode de maturation.<br \/>\nPolyvalent et savoureux est id\u00e9al<br \/>\npour les sandwichs rustiques, planches \u00e0 d\u00e9couper<br \/>\net pour les plats traditionnels faits maison.<\/p>\n","protected":false},"featured_media":1378,"comment_status":"open","ping_status":"closed","template":"","meta":[],"product_brand":[],"product_cat":[265],"product_tag":[],"class_list":["post-1851","product","type-product","status-publish","has-post-thumbnail","product_cat-saucisses-curve-fr","first","instock","shipping-taxable","product-type-simple"],"yoast_head":"<!-- This site is optimized with the Yoast SEO plugin v26.0 - https:\/\/yoast.com\/wordpress\/plugins\/seo\/ -->\n<title>SAUCISSE COURB\u00c9E - I Macellotti<\/title>\n<meta name=\"robots\" content=\"index, follow, max-snippet:-1, max-image-preview:large, max-video-preview:-1\" \/>\n<link rel=\"canonical\" href=\"https:\/\/imacellotti.it\/fr\/produit\/salsiccia-curva\/\" \/>\n<meta property=\"og:locale\" content=\"fr_FR\" \/>\n<meta property=\"og:type\" content=\"article\" \/>\n<meta property=\"og:title\" content=\"SAUCISSE COURB\u00c9E - I Macellotti\" \/>\n<meta property=\"og:description\" content=\"La Salsiccia Curva Classica est un grand classique de la tradition Norcina avec un go\u00fbt plein et authentique. Pr\u00e9par\u00e9e avec de la viande de porc choisie et assaisonn\u00e9e avec du sel, du poivre et des ar\u00f4mes naturels, elle se distingue par sa simplicit\u00e9 et son go\u00fbt authentique. Sa forme arqu\u00e9e et sa consistance compacte la rendent parfaite aussi bien pour la cuisson au gril que pour une courte p\u00e9riode de maturation. Polyvalent et savoureux est id\u00e9al pour les sandwichs rustiques, planches \u00e0 d\u00e9couper et pour les plats traditionnels faits maison.\" \/>\n<meta property=\"og:url\" content=\"https:\/\/imacellotti.it\/fr\/produit\/salsiccia-curva\/\" \/>\n<meta property=\"og:site_name\" content=\"I Macellotti\" \/>\n<meta property=\"article:modified_time\" content=\"2025-09-25T21:47:57+00:00\" \/>\n<meta property=\"og:image\" content=\"https:\/\/imacellotti.it\/wp-content\/uploads\/2025\/07\/Salsiccia-Curva.jpg\" \/>\n\t<meta property=\"og:image:width\" content=\"1080\" \/>\n\t<meta property=\"og:image:height\" content=\"1080\" \/>\n\t<meta property=\"og:image:type\" content=\"image\/jpeg\" \/>\n<meta name=\"twitter:card\" content=\"summary_large_image\" \/>\n<script type=\"application\/ld+json\" class=\"yoast-schema-graph\">{\"@context\":\"https:\/\/schema.org\",\"@graph\":[{\"@type\":\"WebPage\",\"@id\":\"https:\/\/imacellotti.it\/fr\/produit\/salsiccia-curva\/\",\"url\":\"https:\/\/imacellotti.it\/fr\/produit\/salsiccia-curva\/\",\"name\":\"SAUCISSE COURB\u00c9E - I Macellotti\",\"isPartOf\":{\"@id\":\"https:\/\/imacellotti.it\/#website\"},\"primaryImageOfPage\":{\"@id\":\"https:\/\/imacellotti.it\/fr\/produit\/salsiccia-curva\/#primaryimage\"},\"image\":{\"@id\":\"https:\/\/imacellotti.it\/fr\/produit\/salsiccia-curva\/#primaryimage\"},\"thumbnailUrl\":\"https:\/\/imacellotti.it\/wp-content\/uploads\/2025\/07\/Salsiccia-Curva.jpg\",\"datePublished\":\"2025-07-02T08:59:04+00:00\",\"dateModified\":\"2025-09-25T21:47:57+00:00\",\"breadcrumb\":{\"@id\":\"https:\/\/imacellotti.it\/fr\/produit\/salsiccia-curva\/#breadcrumb\"},\"inLanguage\":\"fr-FR\",\"potentialAction\":[{\"@type\":\"ReadAction\",\"target\":[\"https:\/\/imacellotti.it\/fr\/produit\/salsiccia-curva\/\"]}]},{\"@type\":\"ImageObject\",\"inLanguage\":\"fr-FR\",\"@id\":\"https:\/\/imacellotti.it\/fr\/produit\/salsiccia-curva\/#primaryimage\",\"url\":\"https:\/\/imacellotti.it\/wp-content\/uploads\/2025\/07\/Salsiccia-Curva.jpg\",\"contentUrl\":\"https:\/\/imacellotti.it\/wp-content\/uploads\/2025\/07\/Salsiccia-Curva.jpg\",\"width\":1080,\"height\":1080},{\"@type\":\"BreadcrumbList\",\"@id\":\"https:\/\/imacellotti.it\/fr\/produit\/salsiccia-curva\/#breadcrumb\",\"itemListElement\":[{\"@type\":\"ListItem\",\"position\":1,\"name\":\"Home\",\"item\":\"https:\/\/imacellotti.it\/\"},{\"@type\":\"ListItem\",\"position\":2,\"name\":\"Boutique\",\"item\":\"https:\/\/imacellotti.it\/fr\/boutique\/\"},{\"@type\":\"ListItem\",\"position\":3,\"name\":\"SAUCISSE COURB\u00c9E\"}]},{\"@type\":\"WebSite\",\"@id\":\"https:\/\/imacellotti.it\/#website\",\"url\":\"https:\/\/imacellotti.it\/\",\"name\":\"I Macellotti\",\"description\":\"Vente de produits alimentaires\",\"publisher\":{\"@id\":\"https:\/\/imacellotti.it\/#organization\"},\"potentialAction\":[{\"@type\":\"SearchAction\",\"target\":{\"@type\":\"EntryPoint\",\"urlTemplate\":\"https:\/\/imacellotti.it\/?s={search_term_string}\"},\"query-input\":{\"@type\":\"PropertyValueSpecification\",\"valueRequired\":true,\"valueName\":\"search_term_string\"}}],\"inLanguage\":\"fr-FR\"},{\"@type\":\"Organization\",\"@id\":\"https:\/\/imacellotti.it\/#organization\",\"name\":\"I Macellotti\",\"url\":\"https:\/\/imacellotti.it\/\",\"logo\":{\"@type\":\"ImageObject\",\"inLanguage\":\"fr-FR\",\"@id\":\"https:\/\/imacellotti.it\/#\/schema\/logo\/image\/\",\"url\":\"https:\/\/imacellotti.it\/wp-content\/uploads\/2025\/07\/LOGO_ITA_SF_I_MACELLOTTI_SCRITTA_IN-marrone-scaled.png\",\"contentUrl\":\"https:\/\/imacellotti.it\/wp-content\/uploads\/2025\/07\/LOGO_ITA_SF_I_MACELLOTTI_SCRITTA_IN-marrone-scaled.png\",\"width\":2560,\"height\":2560,\"caption\":\"I Macellotti\"},\"image\":{\"@id\":\"https:\/\/imacellotti.it\/#\/schema\/logo\/image\/\"}}]}<\/script>\n<!-- \/ Yoast SEO plugin. -->","yoast_head_json":{"title":"SAUCISSE COURB\u00c9E - I Macellotti","robots":{"index":"index","follow":"follow","max-snippet":"max-snippet:-1","max-image-preview":"max-image-preview:large","max-video-preview":"max-video-preview:-1"},"canonical":"https:\/\/imacellotti.it\/fr\/produit\/salsiccia-curva\/","og_locale":"fr_FR","og_type":"article","og_title":"SAUCISSE COURB\u00c9E - I Macellotti","og_description":"La Salsiccia Curva Classica est un grand classique de la tradition Norcina avec un go\u00fbt plein et authentique. Pr\u00e9par\u00e9e avec de la viande de porc choisie et assaisonn\u00e9e avec du sel, du poivre et des ar\u00f4mes naturels, elle se distingue par sa simplicit\u00e9 et son go\u00fbt authentique. Sa forme arqu\u00e9e et sa consistance compacte la rendent parfaite aussi bien pour la cuisson au gril que pour une courte p\u00e9riode de maturation. Polyvalent et savoureux est id\u00e9al pour les sandwichs rustiques, planches \u00e0 d\u00e9couper et pour les plats traditionnels faits maison.","og_url":"https:\/\/imacellotti.it\/fr\/produit\/salsiccia-curva\/","og_site_name":"I Macellotti","article_modified_time":"2025-09-25T21:47:57+00:00","og_image":[{"width":1080,"height":1080,"url":"https:\/\/imacellotti.it\/wp-content\/uploads\/2025\/07\/Salsiccia-Curva.jpg","type":"image\/jpeg"}],"twitter_card":"summary_large_image","schema":{"@context":"https:\/\/schema.org","@graph":[{"@type":"WebPage","@id":"https:\/\/imacellotti.it\/fr\/produit\/salsiccia-curva\/","url":"https:\/\/imacellotti.it\/fr\/produit\/salsiccia-curva\/","name":"SAUCISSE COURB\u00c9E - I Macellotti","isPartOf":{"@id":"https:\/\/imacellotti.it\/#website"},"primaryImageOfPage":{"@id":"https:\/\/imacellotti.it\/fr\/produit\/salsiccia-curva\/#primaryimage"},"image":{"@id":"https:\/\/imacellotti.it\/fr\/produit\/salsiccia-curva\/#primaryimage"},"thumbnailUrl":"https:\/\/imacellotti.it\/wp-content\/uploads\/2025\/07\/Salsiccia-Curva.jpg","datePublished":"2025-07-02T08:59:04+00:00","dateModified":"2025-09-25T21:47:57+00:00","breadcrumb":{"@id":"https:\/\/imacellotti.it\/fr\/produit\/salsiccia-curva\/#breadcrumb"},"inLanguage":"fr-FR","potentialAction":[{"@type":"ReadAction","target":["https:\/\/imacellotti.it\/fr\/produit\/salsiccia-curva\/"]}]},{"@type":"ImageObject","inLanguage":"fr-FR","@id":"https:\/\/imacellotti.it\/fr\/produit\/salsiccia-curva\/#primaryimage","url":"https:\/\/imacellotti.it\/wp-content\/uploads\/2025\/07\/Salsiccia-Curva.jpg","contentUrl":"https:\/\/imacellotti.it\/wp-content\/uploads\/2025\/07\/Salsiccia-Curva.jpg","width":1080,"height":1080},{"@type":"BreadcrumbList","@id":"https:\/\/imacellotti.it\/fr\/produit\/salsiccia-curva\/#breadcrumb","itemListElement":[{"@type":"ListItem","position":1,"name":"Home","item":"https:\/\/imacellotti.it\/"},{"@type":"ListItem","position":2,"name":"Boutique","item":"https:\/\/imacellotti.it\/fr\/boutique\/"},{"@type":"ListItem","position":3,"name":"SAUCISSE COURB\u00c9E"}]},{"@type":"WebSite","@id":"https:\/\/imacellotti.it\/#website","url":"https:\/\/imacellotti.it\/","name":"I Macellotti","description":"Vente de produits alimentaires","publisher":{"@id":"https:\/\/imacellotti.it\/#organization"},"potentialAction":[{"@type":"SearchAction","target":{"@type":"EntryPoint","urlTemplate":"https:\/\/imacellotti.it\/?s={search_term_string}"},"query-input":{"@type":"PropertyValueSpecification","valueRequired":true,"valueName":"search_term_string"}}],"inLanguage":"fr-FR"},{"@type":"Organization","@id":"https:\/\/imacellotti.it\/#organization","name":"I Macellotti","url":"https:\/\/imacellotti.it\/","logo":{"@type":"ImageObject","inLanguage":"fr-FR","@id":"https:\/\/imacellotti.it\/#\/schema\/logo\/image\/","url":"https:\/\/imacellotti.it\/wp-content\/uploads\/2025\/07\/LOGO_ITA_SF_I_MACELLOTTI_SCRITTA_IN-marrone-scaled.png","contentUrl":"https:\/\/imacellotti.it\/wp-content\/uploads\/2025\/07\/LOGO_ITA_SF_I_MACELLOTTI_SCRITTA_IN-marrone-scaled.png","width":2560,"height":2560,"caption":"I Macellotti"},"image":{"@id":"https:\/\/imacellotti.it\/#\/schema\/logo\/image\/"}}]}},"_links":{"self":[{"href":"https:\/\/imacellotti.it\/fr\/wp-json\/wp\/v2\/product\/1851","targetHints":{"allow":["GET"]}}],"collection":[{"href":"https:\/\/imacellotti.it\/fr\/wp-json\/wp\/v2\/product"}],"about":[{"href":"https:\/\/imacellotti.it\/fr\/wp-json\/wp\/v2\/types\/product"}],"replies":[{"embeddable":true,"href":"https:\/\/imacellotti.it\/fr\/wp-json\/wp\/v2\/comments?post=1851"}],"wp:featuredmedia":[{"embeddable":true,"href":"https:\/\/imacellotti.it\/fr\/wp-json\/wp\/v2\/media\/1378"}],"wp:attachment":[{"href":"https:\/\/imacellotti.it\/fr\/wp-json\/wp\/v2\/media?parent=1851"}],"wp:term":[{"taxonomy":"product_brand","embeddable":true,"href":"https:\/\/imacellotti.it\/fr\/wp-json\/wp\/v2\/product_brand?post=1851"},{"taxonomy":"product_cat","embeddable":true,"href":"https:\/\/imacellotti.it\/fr\/wp-json\/wp\/v2\/product_cat?post=1851"},{"taxonomy":"product_tag","embeddable":true,"href":"https:\/\/imacellotti.it\/fr\/wp-json\/wp\/v2\/product_tag?post=1851"}],"curies":[{"name":"wp","href":"https:\/\/api.w.org\/{rel}","templated":true}]}}