{"id":1853,"date":"2025-07-01T16:19:47","date_gmt":"2025-07-01T14:19:47","guid":{"rendered":"https:\/\/imacellotti.it\/prodotto\/salsiccia-curva-finocchietto\/"},"modified":"2025-09-09T12:27:25","modified_gmt":"2025-09-09T10:27:25","slug":"salsiccia-curva-finocchietto","status":"publish","type":"product","link":"https:\/\/imacellotti.it\/fr\/produit\/salsiccia-curva-finocchietto\/","title":{"rendered":"SAUCISSE COURB\u00c9E FENOUIL"},"content":{"rendered":"","protected":false},"excerpt":{"rendered":"<p class=\"p1\">Charcuterie au parfum incomparable<br \/>\net au go\u00fbt d\u00e9licatement aromatique.<br \/>\nPr\u00e9par\u00e9 avec de la viande de porc s\u00e9lectionn\u00e9e et assaisonn\u00e9e de graines<br \/>\nde fenouil sauvage, exprime au mieux la tradition artisanale<br \/>\ndu sud de l\u2019Italie.<br \/>\nSa forme arqu\u00e9e et sa texture compacte<br \/>\nla rendent parfaite pour \u00eatre d\u00e9gust\u00e9e<br \/>\nsoit fra\u00eeche, grill\u00e9e, tranch\u00e9e apr\u00e8s une courte maturation.<br \/>\nId\u00e9al pour ceux qui recherchent un go\u00fbt frais, parfum\u00e9 et authentique.<\/p>\n","protected":false},"featured_media":1387,"comment_status":"open","ping_status":"closed","template":"","meta":[],"product_brand":[],"product_cat":[265],"product_tag":[],"class_list":["post-1853","product","type-product","status-publish","has-post-thumbnail","product_cat-saucisses-curve-fr","first","instock","shipping-taxable","product-type-simple"],"yoast_head":"<!-- This site is optimized with the Yoast SEO plugin v26.0 - https:\/\/yoast.com\/wordpress\/plugins\/seo\/ -->\n<title>SAUCISSE COURB\u00c9E FENOUIL - I Macellotti<\/title>\n<meta name=\"robots\" content=\"index, follow, max-snippet:-1, max-image-preview:large, max-video-preview:-1\" \/>\n<link rel=\"canonical\" href=\"https:\/\/imacellotti.it\/fr\/produit\/salsiccia-curva-finocchietto\/\" \/>\n<meta property=\"og:locale\" content=\"fr_FR\" \/>\n<meta property=\"og:type\" content=\"article\" \/>\n<meta property=\"og:title\" content=\"SAUCISSE COURB\u00c9E FENOUIL - I Macellotti\" \/>\n<meta property=\"og:description\" content=\"Charcuterie au parfum incomparable et au go\u00fbt d\u00e9licatement aromatique. Pr\u00e9par\u00e9 avec de la viande de porc s\u00e9lectionn\u00e9e et assaisonn\u00e9e de graines de fenouil sauvage, exprime au mieux la tradition artisanale du sud de l\u2019Italie. Sa forme arqu\u00e9e et sa texture compacte la rendent parfaite pour \u00eatre d\u00e9gust\u00e9e soit fra\u00eeche, grill\u00e9e, tranch\u00e9e apr\u00e8s une courte maturation. Id\u00e9al pour ceux qui recherchent un go\u00fbt frais, parfum\u00e9 et authentique.\" \/>\n<meta property=\"og:url\" content=\"https:\/\/imacellotti.it\/fr\/produit\/salsiccia-curva-finocchietto\/\" \/>\n<meta property=\"og:site_name\" content=\"I Macellotti\" \/>\n<meta property=\"article:modified_time\" content=\"2025-09-09T10:27:25+00:00\" \/>\n<meta property=\"og:image\" content=\"https:\/\/imacellotti.it\/wp-content\/uploads\/2025\/07\/Salsiccia-Curva-Finocchietto.jpg\" \/>\n\t<meta property=\"og:image:width\" content=\"1080\" \/>\n\t<meta property=\"og:image:height\" content=\"1080\" \/>\n\t<meta property=\"og:image:type\" content=\"image\/jpeg\" \/>\n<meta name=\"twitter:card\" content=\"summary_large_image\" \/>\n<script type=\"application\/ld+json\" class=\"yoast-schema-graph\">{\"@context\":\"https:\/\/schema.org\",\"@graph\":[{\"@type\":\"WebPage\",\"@id\":\"https:\/\/imacellotti.it\/fr\/produit\/salsiccia-curva-finocchietto\/\",\"url\":\"https:\/\/imacellotti.it\/fr\/produit\/salsiccia-curva-finocchietto\/\",\"name\":\"SAUCISSE COURB\u00c9E FENOUIL - I Macellotti\",\"isPartOf\":{\"@id\":\"https:\/\/imacellotti.it\/#website\"},\"primaryImageOfPage\":{\"@id\":\"https:\/\/imacellotti.it\/fr\/produit\/salsiccia-curva-finocchietto\/#primaryimage\"},\"image\":{\"@id\":\"https:\/\/imacellotti.it\/fr\/produit\/salsiccia-curva-finocchietto\/#primaryimage\"},\"thumbnailUrl\":\"https:\/\/imacellotti.it\/wp-content\/uploads\/2025\/07\/Salsiccia-Curva-Finocchietto.jpg\",\"datePublished\":\"2025-07-01T14:19:47+00:00\",\"dateModified\":\"2025-09-09T10:27:25+00:00\",\"breadcrumb\":{\"@id\":\"https:\/\/imacellotti.it\/fr\/produit\/salsiccia-curva-finocchietto\/#breadcrumb\"},\"inLanguage\":\"fr-FR\",\"potentialAction\":[{\"@type\":\"ReadAction\",\"target\":[\"https:\/\/imacellotti.it\/fr\/produit\/salsiccia-curva-finocchietto\/\"]}]},{\"@type\":\"ImageObject\",\"inLanguage\":\"fr-FR\",\"@id\":\"https:\/\/imacellotti.it\/fr\/produit\/salsiccia-curva-finocchietto\/#primaryimage\",\"url\":\"https:\/\/imacellotti.it\/wp-content\/uploads\/2025\/07\/Salsiccia-Curva-Finocchietto.jpg\",\"contentUrl\":\"https:\/\/imacellotti.it\/wp-content\/uploads\/2025\/07\/Salsiccia-Curva-Finocchietto.jpg\",\"width\":1080,\"height\":1080},{\"@type\":\"BreadcrumbList\",\"@id\":\"https:\/\/imacellotti.it\/fr\/produit\/salsiccia-curva-finocchietto\/#breadcrumb\",\"itemListElement\":[{\"@type\":\"ListItem\",\"position\":1,\"name\":\"Home\",\"item\":\"https:\/\/imacellotti.it\/\"},{\"@type\":\"ListItem\",\"position\":2,\"name\":\"Boutique\",\"item\":\"https:\/\/imacellotti.it\/fr\/boutique\/\"},{\"@type\":\"ListItem\",\"position\":3,\"name\":\"SAUCISSE COURB\u00c9E FENOUIL\"}]},{\"@type\":\"WebSite\",\"@id\":\"https:\/\/imacellotti.it\/#website\",\"url\":\"https:\/\/imacellotti.it\/\",\"name\":\"I Macellotti\",\"description\":\"Vente de produits alimentaires\",\"publisher\":{\"@id\":\"https:\/\/imacellotti.it\/#organization\"},\"potentialAction\":[{\"@type\":\"SearchAction\",\"target\":{\"@type\":\"EntryPoint\",\"urlTemplate\":\"https:\/\/imacellotti.it\/?s={search_term_string}\"},\"query-input\":{\"@type\":\"PropertyValueSpecification\",\"valueRequired\":true,\"valueName\":\"search_term_string\"}}],\"inLanguage\":\"fr-FR\"},{\"@type\":\"Organization\",\"@id\":\"https:\/\/imacellotti.it\/#organization\",\"name\":\"I Macellotti\",\"url\":\"https:\/\/imacellotti.it\/\",\"logo\":{\"@type\":\"ImageObject\",\"inLanguage\":\"fr-FR\",\"@id\":\"https:\/\/imacellotti.it\/#\/schema\/logo\/image\/\",\"url\":\"https:\/\/imacellotti.it\/wp-content\/uploads\/2025\/07\/LOGO_ITA_SF_I_MACELLOTTI_SCRITTA_IN-marrone-scaled.png\",\"contentUrl\":\"https:\/\/imacellotti.it\/wp-content\/uploads\/2025\/07\/LOGO_ITA_SF_I_MACELLOTTI_SCRITTA_IN-marrone-scaled.png\",\"width\":2560,\"height\":2560,\"caption\":\"I Macellotti\"},\"image\":{\"@id\":\"https:\/\/imacellotti.it\/#\/schema\/logo\/image\/\"}}]}<\/script>\n<!-- \/ Yoast SEO plugin. -->","yoast_head_json":{"title":"SAUCISSE COURB\u00c9E FENOUIL - I Macellotti","robots":{"index":"index","follow":"follow","max-snippet":"max-snippet:-1","max-image-preview":"max-image-preview:large","max-video-preview":"max-video-preview:-1"},"canonical":"https:\/\/imacellotti.it\/fr\/produit\/salsiccia-curva-finocchietto\/","og_locale":"fr_FR","og_type":"article","og_title":"SAUCISSE COURB\u00c9E FENOUIL - I Macellotti","og_description":"Charcuterie au parfum incomparable et au go\u00fbt d\u00e9licatement aromatique. Pr\u00e9par\u00e9 avec de la viande de porc s\u00e9lectionn\u00e9e et assaisonn\u00e9e de graines de fenouil sauvage, exprime au mieux la tradition artisanale du sud de l\u2019Italie. Sa forme arqu\u00e9e et sa texture compacte la rendent parfaite pour \u00eatre d\u00e9gust\u00e9e soit fra\u00eeche, grill\u00e9e, tranch\u00e9e apr\u00e8s une courte maturation. Id\u00e9al pour ceux qui recherchent un go\u00fbt frais, parfum\u00e9 et authentique.","og_url":"https:\/\/imacellotti.it\/fr\/produit\/salsiccia-curva-finocchietto\/","og_site_name":"I Macellotti","article_modified_time":"2025-09-09T10:27:25+00:00","og_image":[{"width":1080,"height":1080,"url":"https:\/\/imacellotti.it\/wp-content\/uploads\/2025\/07\/Salsiccia-Curva-Finocchietto.jpg","type":"image\/jpeg"}],"twitter_card":"summary_large_image","schema":{"@context":"https:\/\/schema.org","@graph":[{"@type":"WebPage","@id":"https:\/\/imacellotti.it\/fr\/produit\/salsiccia-curva-finocchietto\/","url":"https:\/\/imacellotti.it\/fr\/produit\/salsiccia-curva-finocchietto\/","name":"SAUCISSE COURB\u00c9E FENOUIL - I Macellotti","isPartOf":{"@id":"https:\/\/imacellotti.it\/#website"},"primaryImageOfPage":{"@id":"https:\/\/imacellotti.it\/fr\/produit\/salsiccia-curva-finocchietto\/#primaryimage"},"image":{"@id":"https:\/\/imacellotti.it\/fr\/produit\/salsiccia-curva-finocchietto\/#primaryimage"},"thumbnailUrl":"https:\/\/imacellotti.it\/wp-content\/uploads\/2025\/07\/Salsiccia-Curva-Finocchietto.jpg","datePublished":"2025-07-01T14:19:47+00:00","dateModified":"2025-09-09T10:27:25+00:00","breadcrumb":{"@id":"https:\/\/imacellotti.it\/fr\/produit\/salsiccia-curva-finocchietto\/#breadcrumb"},"inLanguage":"fr-FR","potentialAction":[{"@type":"ReadAction","target":["https:\/\/imacellotti.it\/fr\/produit\/salsiccia-curva-finocchietto\/"]}]},{"@type":"ImageObject","inLanguage":"fr-FR","@id":"https:\/\/imacellotti.it\/fr\/produit\/salsiccia-curva-finocchietto\/#primaryimage","url":"https:\/\/imacellotti.it\/wp-content\/uploads\/2025\/07\/Salsiccia-Curva-Finocchietto.jpg","contentUrl":"https:\/\/imacellotti.it\/wp-content\/uploads\/2025\/07\/Salsiccia-Curva-Finocchietto.jpg","width":1080,"height":1080},{"@type":"BreadcrumbList","@id":"https:\/\/imacellotti.it\/fr\/produit\/salsiccia-curva-finocchietto\/#breadcrumb","itemListElement":[{"@type":"ListItem","position":1,"name":"Home","item":"https:\/\/imacellotti.it\/"},{"@type":"ListItem","position":2,"name":"Boutique","item":"https:\/\/imacellotti.it\/fr\/boutique\/"},{"@type":"ListItem","position":3,"name":"SAUCISSE COURB\u00c9E FENOUIL"}]},{"@type":"WebSite","@id":"https:\/\/imacellotti.it\/#website","url":"https:\/\/imacellotti.it\/","name":"I Macellotti","description":"Vente de produits alimentaires","publisher":{"@id":"https:\/\/imacellotti.it\/#organization"},"potentialAction":[{"@type":"SearchAction","target":{"@type":"EntryPoint","urlTemplate":"https:\/\/imacellotti.it\/?s={search_term_string}"},"query-input":{"@type":"PropertyValueSpecification","valueRequired":true,"valueName":"search_term_string"}}],"inLanguage":"fr-FR"},{"@type":"Organization","@id":"https:\/\/imacellotti.it\/#organization","name":"I Macellotti","url":"https:\/\/imacellotti.it\/","logo":{"@type":"ImageObject","inLanguage":"fr-FR","@id":"https:\/\/imacellotti.it\/#\/schema\/logo\/image\/","url":"https:\/\/imacellotti.it\/wp-content\/uploads\/2025\/07\/LOGO_ITA_SF_I_MACELLOTTI_SCRITTA_IN-marrone-scaled.png","contentUrl":"https:\/\/imacellotti.it\/wp-content\/uploads\/2025\/07\/LOGO_ITA_SF_I_MACELLOTTI_SCRITTA_IN-marrone-scaled.png","width":2560,"height":2560,"caption":"I Macellotti"},"image":{"@id":"https:\/\/imacellotti.it\/#\/schema\/logo\/image\/"}}]}},"_links":{"self":[{"href":"https:\/\/imacellotti.it\/fr\/wp-json\/wp\/v2\/product\/1853","targetHints":{"allow":["GET"]}}],"collection":[{"href":"https:\/\/imacellotti.it\/fr\/wp-json\/wp\/v2\/product"}],"about":[{"href":"https:\/\/imacellotti.it\/fr\/wp-json\/wp\/v2\/types\/product"}],"replies":[{"embeddable":true,"href":"https:\/\/imacellotti.it\/fr\/wp-json\/wp\/v2\/comments?post=1853"}],"wp:featuredmedia":[{"embeddable":true,"href":"https:\/\/imacellotti.it\/fr\/wp-json\/wp\/v2\/media\/1387"}],"wp:attachment":[{"href":"https:\/\/imacellotti.it\/fr\/wp-json\/wp\/v2\/media?parent=1853"}],"wp:term":[{"taxonomy":"product_brand","embeddable":true,"href":"https:\/\/imacellotti.it\/fr\/wp-json\/wp\/v2\/product_brand?post=1853"},{"taxonomy":"product_cat","embeddable":true,"href":"https:\/\/imacellotti.it\/fr\/wp-json\/wp\/v2\/product_cat?post=1853"},{"taxonomy":"product_tag","embeddable":true,"href":"https:\/\/imacellotti.it\/fr\/wp-json\/wp\/v2\/product_tag?post=1853"}],"curies":[{"name":"wp","href":"https:\/\/api.w.org\/{rel}","templated":true}]}}