{"id":1855,"date":"2025-07-01T16:25:18","date_gmt":"2025-07-01T14:25:18","guid":{"rendered":"https:\/\/imacellotti.it\/prodotto\/salsiccia-curva-piccante\/"},"modified":"2025-09-09T12:28:32","modified_gmt":"2025-09-09T10:28:32","slug":"salsiccia-curva-piccante","status":"publish","type":"product","link":"https:\/\/imacellotti.it\/fr\/produit\/salsiccia-curva-piccante\/","title":{"rendered":"SAUCISSE COURB\u00c9E PIQUANTE"},"content":{"rendered":"","protected":false},"excerpt":{"rendered":"<p class=\"p1\">Avec un go\u00fbt intense et prononc\u00e9 con\u00e7u pour ceux qui aiment<br \/>\nles saveurs fortes et \u00e9pic\u00e9es.<br \/>\nFabriqu\u00e9 avec de la viande porcine s\u00e9lectionn\u00e9e<br \/>\net enrichi avec du piment et des ar\u00f4mes naturels, se distingue<br \/>\npour sa forme arqu\u00e9e et sa consistance compacte.<br \/>\nLa saveur vive avec une note piquante persistante et \u00e9quilibr\u00e9e<br \/>\nIl est parfait pour les grillades, les sandwichs riches, les planches<br \/>\n\u00e0 d\u00e9couper au caract\u00e8re fort.<br \/>\nUne sp\u00e9cialit\u00e9 qui conquiert au premier go\u00fbt.<\/p>\n","protected":false},"featured_media":1381,"comment_status":"open","ping_status":"closed","template":"","meta":[],"product_brand":[],"product_cat":[265],"product_tag":[],"class_list":["post-1855","product","type-product","status-publish","has-post-thumbnail","product_cat-saucisses-curve-fr","first","instock","shipping-taxable","product-type-simple"],"yoast_head":"<!-- This site is optimized with the Yoast SEO plugin v26.0 - https:\/\/yoast.com\/wordpress\/plugins\/seo\/ -->\n<title>SAUCISSE COURB\u00c9E PIQUANTE - I Macellotti<\/title>\n<meta name=\"robots\" content=\"index, follow, max-snippet:-1, max-image-preview:large, max-video-preview:-1\" \/>\n<link rel=\"canonical\" href=\"https:\/\/imacellotti.it\/fr\/produit\/salsiccia-curva-piccante\/\" \/>\n<meta property=\"og:locale\" content=\"fr_FR\" \/>\n<meta property=\"og:type\" content=\"article\" \/>\n<meta property=\"og:title\" content=\"SAUCISSE COURB\u00c9E PIQUANTE - I Macellotti\" \/>\n<meta property=\"og:description\" content=\"Avec un go\u00fbt intense et prononc\u00e9 con\u00e7u pour ceux qui aiment les saveurs fortes et \u00e9pic\u00e9es. Fabriqu\u00e9 avec de la viande porcine s\u00e9lectionn\u00e9e et enrichi avec du piment et des ar\u00f4mes naturels, se distingue pour sa forme arqu\u00e9e et sa consistance compacte. La saveur vive avec une note piquante persistante et \u00e9quilibr\u00e9e Il est parfait pour les grillades, les sandwichs riches, les planches \u00e0 d\u00e9couper au caract\u00e8re fort. Une sp\u00e9cialit\u00e9 qui conquiert au premier go\u00fbt.\" \/>\n<meta property=\"og:url\" content=\"https:\/\/imacellotti.it\/fr\/produit\/salsiccia-curva-piccante\/\" \/>\n<meta property=\"og:site_name\" content=\"I Macellotti\" \/>\n<meta property=\"article:modified_time\" content=\"2025-09-09T10:28:32+00:00\" \/>\n<meta property=\"og:image\" content=\"https:\/\/imacellotti.it\/wp-content\/uploads\/2025\/07\/Salsiccia-Curva-Piccante.jpg\" \/>\n\t<meta property=\"og:image:width\" content=\"1080\" \/>\n\t<meta property=\"og:image:height\" content=\"1080\" \/>\n\t<meta property=\"og:image:type\" content=\"image\/jpeg\" \/>\n<meta name=\"twitter:card\" content=\"summary_large_image\" \/>\n<script type=\"application\/ld+json\" class=\"yoast-schema-graph\">{\"@context\":\"https:\/\/schema.org\",\"@graph\":[{\"@type\":\"WebPage\",\"@id\":\"https:\/\/imacellotti.it\/fr\/produit\/salsiccia-curva-piccante\/\",\"url\":\"https:\/\/imacellotti.it\/fr\/produit\/salsiccia-curva-piccante\/\",\"name\":\"SAUCISSE COURB\u00c9E PIQUANTE - I Macellotti\",\"isPartOf\":{\"@id\":\"https:\/\/imacellotti.it\/#website\"},\"primaryImageOfPage\":{\"@id\":\"https:\/\/imacellotti.it\/fr\/produit\/salsiccia-curva-piccante\/#primaryimage\"},\"image\":{\"@id\":\"https:\/\/imacellotti.it\/fr\/produit\/salsiccia-curva-piccante\/#primaryimage\"},\"thumbnailUrl\":\"https:\/\/imacellotti.it\/wp-content\/uploads\/2025\/07\/Salsiccia-Curva-Piccante.jpg\",\"datePublished\":\"2025-07-01T14:25:18+00:00\",\"dateModified\":\"2025-09-09T10:28:32+00:00\",\"breadcrumb\":{\"@id\":\"https:\/\/imacellotti.it\/fr\/produit\/salsiccia-curva-piccante\/#breadcrumb\"},\"inLanguage\":\"fr-FR\",\"potentialAction\":[{\"@type\":\"ReadAction\",\"target\":[\"https:\/\/imacellotti.it\/fr\/produit\/salsiccia-curva-piccante\/\"]}]},{\"@type\":\"ImageObject\",\"inLanguage\":\"fr-FR\",\"@id\":\"https:\/\/imacellotti.it\/fr\/produit\/salsiccia-curva-piccante\/#primaryimage\",\"url\":\"https:\/\/imacellotti.it\/wp-content\/uploads\/2025\/07\/Salsiccia-Curva-Piccante.jpg\",\"contentUrl\":\"https:\/\/imacellotti.it\/wp-content\/uploads\/2025\/07\/Salsiccia-Curva-Piccante.jpg\",\"width\":1080,\"height\":1080},{\"@type\":\"BreadcrumbList\",\"@id\":\"https:\/\/imacellotti.it\/fr\/produit\/salsiccia-curva-piccante\/#breadcrumb\",\"itemListElement\":[{\"@type\":\"ListItem\",\"position\":1,\"name\":\"Home\",\"item\":\"https:\/\/imacellotti.it\/\"},{\"@type\":\"ListItem\",\"position\":2,\"name\":\"Boutique\",\"item\":\"https:\/\/imacellotti.it\/fr\/boutique\/\"},{\"@type\":\"ListItem\",\"position\":3,\"name\":\"SAUCISSE COURB\u00c9E PIQUANTE\"}]},{\"@type\":\"WebSite\",\"@id\":\"https:\/\/imacellotti.it\/#website\",\"url\":\"https:\/\/imacellotti.it\/\",\"name\":\"I Macellotti\",\"description\":\"Vente de produits alimentaires\",\"publisher\":{\"@id\":\"https:\/\/imacellotti.it\/#organization\"},\"potentialAction\":[{\"@type\":\"SearchAction\",\"target\":{\"@type\":\"EntryPoint\",\"urlTemplate\":\"https:\/\/imacellotti.it\/?s={search_term_string}\"},\"query-input\":{\"@type\":\"PropertyValueSpecification\",\"valueRequired\":true,\"valueName\":\"search_term_string\"}}],\"inLanguage\":\"fr-FR\"},{\"@type\":\"Organization\",\"@id\":\"https:\/\/imacellotti.it\/#organization\",\"name\":\"I Macellotti\",\"url\":\"https:\/\/imacellotti.it\/\",\"logo\":{\"@type\":\"ImageObject\",\"inLanguage\":\"fr-FR\",\"@id\":\"https:\/\/imacellotti.it\/#\/schema\/logo\/image\/\",\"url\":\"https:\/\/imacellotti.it\/wp-content\/uploads\/2025\/07\/LOGO_ITA_SF_I_MACELLOTTI_SCRITTA_IN-marrone-scaled.png\",\"contentUrl\":\"https:\/\/imacellotti.it\/wp-content\/uploads\/2025\/07\/LOGO_ITA_SF_I_MACELLOTTI_SCRITTA_IN-marrone-scaled.png\",\"width\":2560,\"height\":2560,\"caption\":\"I Macellotti\"},\"image\":{\"@id\":\"https:\/\/imacellotti.it\/#\/schema\/logo\/image\/\"}}]}<\/script>\n<!-- \/ Yoast SEO plugin. -->","yoast_head_json":{"title":"SAUCISSE COURB\u00c9E PIQUANTE - I Macellotti","robots":{"index":"index","follow":"follow","max-snippet":"max-snippet:-1","max-image-preview":"max-image-preview:large","max-video-preview":"max-video-preview:-1"},"canonical":"https:\/\/imacellotti.it\/fr\/produit\/salsiccia-curva-piccante\/","og_locale":"fr_FR","og_type":"article","og_title":"SAUCISSE COURB\u00c9E PIQUANTE - I Macellotti","og_description":"Avec un go\u00fbt intense et prononc\u00e9 con\u00e7u pour ceux qui aiment les saveurs fortes et \u00e9pic\u00e9es. Fabriqu\u00e9 avec de la viande porcine s\u00e9lectionn\u00e9e et enrichi avec du piment et des ar\u00f4mes naturels, se distingue pour sa forme arqu\u00e9e et sa consistance compacte. La saveur vive avec une note piquante persistante et \u00e9quilibr\u00e9e Il est parfait pour les grillades, les sandwichs riches, les planches \u00e0 d\u00e9couper au caract\u00e8re fort. Une sp\u00e9cialit\u00e9 qui conquiert au premier go\u00fbt.","og_url":"https:\/\/imacellotti.it\/fr\/produit\/salsiccia-curva-piccante\/","og_site_name":"I Macellotti","article_modified_time":"2025-09-09T10:28:32+00:00","og_image":[{"width":1080,"height":1080,"url":"https:\/\/imacellotti.it\/wp-content\/uploads\/2025\/07\/Salsiccia-Curva-Piccante.jpg","type":"image\/jpeg"}],"twitter_card":"summary_large_image","schema":{"@context":"https:\/\/schema.org","@graph":[{"@type":"WebPage","@id":"https:\/\/imacellotti.it\/fr\/produit\/salsiccia-curva-piccante\/","url":"https:\/\/imacellotti.it\/fr\/produit\/salsiccia-curva-piccante\/","name":"SAUCISSE COURB\u00c9E PIQUANTE - I Macellotti","isPartOf":{"@id":"https:\/\/imacellotti.it\/#website"},"primaryImageOfPage":{"@id":"https:\/\/imacellotti.it\/fr\/produit\/salsiccia-curva-piccante\/#primaryimage"},"image":{"@id":"https:\/\/imacellotti.it\/fr\/produit\/salsiccia-curva-piccante\/#primaryimage"},"thumbnailUrl":"https:\/\/imacellotti.it\/wp-content\/uploads\/2025\/07\/Salsiccia-Curva-Piccante.jpg","datePublished":"2025-07-01T14:25:18+00:00","dateModified":"2025-09-09T10:28:32+00:00","breadcrumb":{"@id":"https:\/\/imacellotti.it\/fr\/produit\/salsiccia-curva-piccante\/#breadcrumb"},"inLanguage":"fr-FR","potentialAction":[{"@type":"ReadAction","target":["https:\/\/imacellotti.it\/fr\/produit\/salsiccia-curva-piccante\/"]}]},{"@type":"ImageObject","inLanguage":"fr-FR","@id":"https:\/\/imacellotti.it\/fr\/produit\/salsiccia-curva-piccante\/#primaryimage","url":"https:\/\/imacellotti.it\/wp-content\/uploads\/2025\/07\/Salsiccia-Curva-Piccante.jpg","contentUrl":"https:\/\/imacellotti.it\/wp-content\/uploads\/2025\/07\/Salsiccia-Curva-Piccante.jpg","width":1080,"height":1080},{"@type":"BreadcrumbList","@id":"https:\/\/imacellotti.it\/fr\/produit\/salsiccia-curva-piccante\/#breadcrumb","itemListElement":[{"@type":"ListItem","position":1,"name":"Home","item":"https:\/\/imacellotti.it\/"},{"@type":"ListItem","position":2,"name":"Boutique","item":"https:\/\/imacellotti.it\/fr\/boutique\/"},{"@type":"ListItem","position":3,"name":"SAUCISSE COURB\u00c9E PIQUANTE"}]},{"@type":"WebSite","@id":"https:\/\/imacellotti.it\/#website","url":"https:\/\/imacellotti.it\/","name":"I Macellotti","description":"Vente de produits alimentaires","publisher":{"@id":"https:\/\/imacellotti.it\/#organization"},"potentialAction":[{"@type":"SearchAction","target":{"@type":"EntryPoint","urlTemplate":"https:\/\/imacellotti.it\/?s={search_term_string}"},"query-input":{"@type":"PropertyValueSpecification","valueRequired":true,"valueName":"search_term_string"}}],"inLanguage":"fr-FR"},{"@type":"Organization","@id":"https:\/\/imacellotti.it\/#organization","name":"I Macellotti","url":"https:\/\/imacellotti.it\/","logo":{"@type":"ImageObject","inLanguage":"fr-FR","@id":"https:\/\/imacellotti.it\/#\/schema\/logo\/image\/","url":"https:\/\/imacellotti.it\/wp-content\/uploads\/2025\/07\/LOGO_ITA_SF_I_MACELLOTTI_SCRITTA_IN-marrone-scaled.png","contentUrl":"https:\/\/imacellotti.it\/wp-content\/uploads\/2025\/07\/LOGO_ITA_SF_I_MACELLOTTI_SCRITTA_IN-marrone-scaled.png","width":2560,"height":2560,"caption":"I Macellotti"},"image":{"@id":"https:\/\/imacellotti.it\/#\/schema\/logo\/image\/"}}]}},"_links":{"self":[{"href":"https:\/\/imacellotti.it\/fr\/wp-json\/wp\/v2\/product\/1855","targetHints":{"allow":["GET"]}}],"collection":[{"href":"https:\/\/imacellotti.it\/fr\/wp-json\/wp\/v2\/product"}],"about":[{"href":"https:\/\/imacellotti.it\/fr\/wp-json\/wp\/v2\/types\/product"}],"replies":[{"embeddable":true,"href":"https:\/\/imacellotti.it\/fr\/wp-json\/wp\/v2\/comments?post=1855"}],"wp:featuredmedia":[{"embeddable":true,"href":"https:\/\/imacellotti.it\/fr\/wp-json\/wp\/v2\/media\/1381"}],"wp:attachment":[{"href":"https:\/\/imacellotti.it\/fr\/wp-json\/wp\/v2\/media?parent=1855"}],"wp:term":[{"taxonomy":"product_brand","embeddable":true,"href":"https:\/\/imacellotti.it\/fr\/wp-json\/wp\/v2\/product_brand?post=1855"},{"taxonomy":"product_cat","embeddable":true,"href":"https:\/\/imacellotti.it\/fr\/wp-json\/wp\/v2\/product_cat?post=1855"},{"taxonomy":"product_tag","embeddable":true,"href":"https:\/\/imacellotti.it\/fr\/wp-json\/wp\/v2\/product_tag?post=1855"}],"curies":[{"name":"wp","href":"https:\/\/api.w.org\/{rel}","templated":true}]}}