{"id":1867,"date":"2025-07-02T11:33:42","date_gmt":"2025-07-02T09:33:42","guid":{"rendered":"https:\/\/imacellotti.it\/prodotto\/bastone-dolce\/"},"modified":"2025-09-26T00:08:02","modified_gmt":"2025-09-25T22:08:02","slug":"bastone-dolce","status":"publish","type":"product","link":"https:\/\/imacellotti.it\/fr\/produit\/bastone-dolce\/","title":{"rendered":"B\u00c2TON DOUX"},"content":{"rendered":"","protected":false},"excerpt":{"rendered":"<p class=\"p1\">Cette charcuterie au go\u00fbt doux et d\u00e9licat<br \/>\nest con\u00e7u pour ceux qui aiment les go\u00fbts plus \u00e9quilibr\u00e9s et moins \u00e9pic\u00e9s.<br \/>\nPr\u00e9par\u00e9 avec de la viande de porc s\u00e9lectionn\u00e9e \u00e0 partir d\u2019un tannage simple, charcut\u00e9 dans sa forme allong\u00e9e<br \/>\ntypique et laiss\u00e9 m\u00fbrir calmement.<br \/>\nLe r\u00e9sultat au palais donne un go\u00fbt rond l\u00e9g\u00e8rement aromatique<br \/>\nqui s\u00e9duit par sa douceur naturelle.<br \/>\nPr\u00e9cis\u00e9ment en raison de sa caract\u00e9ristique, il est souvent accompagn\u00e9 de fromages plus ou moins \u00e9pic\u00e9s pour rendre<br \/>\nles planches \u00e0 d\u00e9couper plus d\u00e9licates.<\/p>\n","protected":false},"featured_media":1354,"comment_status":"open","ping_status":"closed","template":"","meta":[],"product_brand":[],"product_cat":[260],"product_tag":[],"class_list":["post-1867","product","type-product","status-publish","has-post-thumbnail","product_cat-divers-salamis-fr","first","instock","shipping-taxable","product-type-simple"],"yoast_head":"<!-- This site is optimized with the Yoast SEO plugin v26.0 - https:\/\/yoast.com\/wordpress\/plugins\/seo\/ -->\n<title>B\u00c2TON DOUX - I Macellotti<\/title>\n<meta name=\"robots\" content=\"index, follow, max-snippet:-1, max-image-preview:large, max-video-preview:-1\" \/>\n<link rel=\"canonical\" href=\"https:\/\/imacellotti.it\/fr\/produit\/bastone-dolce\/\" \/>\n<meta property=\"og:locale\" content=\"fr_FR\" \/>\n<meta property=\"og:type\" content=\"article\" \/>\n<meta property=\"og:title\" content=\"B\u00c2TON DOUX - I Macellotti\" \/>\n<meta property=\"og:description\" content=\"Cette charcuterie au go\u00fbt doux et d\u00e9licat est con\u00e7u pour ceux qui aiment les go\u00fbts plus \u00e9quilibr\u00e9s et moins \u00e9pic\u00e9s. Pr\u00e9par\u00e9 avec de la viande de porc s\u00e9lectionn\u00e9e \u00e0 partir d\u2019un tannage simple, charcut\u00e9 dans sa forme allong\u00e9e typique et laiss\u00e9 m\u00fbrir calmement. Le r\u00e9sultat au palais donne un go\u00fbt rond l\u00e9g\u00e8rement aromatique qui s\u00e9duit par sa douceur naturelle. Pr\u00e9cis\u00e9ment en raison de sa caract\u00e9ristique, il est souvent accompagn\u00e9 de fromages plus ou moins \u00e9pic\u00e9s pour rendre les planches \u00e0 d\u00e9couper plus d\u00e9licates.\" \/>\n<meta property=\"og:url\" content=\"https:\/\/imacellotti.it\/fr\/produit\/bastone-dolce\/\" \/>\n<meta property=\"og:site_name\" content=\"I Macellotti\" \/>\n<meta property=\"article:modified_time\" content=\"2025-09-25T22:08:02+00:00\" \/>\n<meta property=\"og:image\" content=\"https:\/\/imacellotti.it\/wp-content\/uploads\/2025\/07\/Bastone-Dolce.jpg\" \/>\n\t<meta property=\"og:image:width\" content=\"1080\" \/>\n\t<meta property=\"og:image:height\" content=\"1080\" \/>\n\t<meta property=\"og:image:type\" content=\"image\/jpeg\" \/>\n<meta name=\"twitter:card\" content=\"summary_large_image\" \/>\n<script type=\"application\/ld+json\" class=\"yoast-schema-graph\">{\"@context\":\"https:\/\/schema.org\",\"@graph\":[{\"@type\":\"WebPage\",\"@id\":\"https:\/\/imacellotti.it\/fr\/produit\/bastone-dolce\/\",\"url\":\"https:\/\/imacellotti.it\/fr\/produit\/bastone-dolce\/\",\"name\":\"B\u00c2TON DOUX - I Macellotti\",\"isPartOf\":{\"@id\":\"https:\/\/imacellotti.it\/#website\"},\"primaryImageOfPage\":{\"@id\":\"https:\/\/imacellotti.it\/fr\/produit\/bastone-dolce\/#primaryimage\"},\"image\":{\"@id\":\"https:\/\/imacellotti.it\/fr\/produit\/bastone-dolce\/#primaryimage\"},\"thumbnailUrl\":\"https:\/\/imacellotti.it\/wp-content\/uploads\/2025\/07\/Bastone-Dolce.jpg\",\"datePublished\":\"2025-07-02T09:33:42+00:00\",\"dateModified\":\"2025-09-25T22:08:02+00:00\",\"breadcrumb\":{\"@id\":\"https:\/\/imacellotti.it\/fr\/produit\/bastone-dolce\/#breadcrumb\"},\"inLanguage\":\"fr-FR\",\"potentialAction\":[{\"@type\":\"ReadAction\",\"target\":[\"https:\/\/imacellotti.it\/fr\/produit\/bastone-dolce\/\"]}]},{\"@type\":\"ImageObject\",\"inLanguage\":\"fr-FR\",\"@id\":\"https:\/\/imacellotti.it\/fr\/produit\/bastone-dolce\/#primaryimage\",\"url\":\"https:\/\/imacellotti.it\/wp-content\/uploads\/2025\/07\/Bastone-Dolce.jpg\",\"contentUrl\":\"https:\/\/imacellotti.it\/wp-content\/uploads\/2025\/07\/Bastone-Dolce.jpg\",\"width\":1080,\"height\":1080},{\"@type\":\"BreadcrumbList\",\"@id\":\"https:\/\/imacellotti.it\/fr\/produit\/bastone-dolce\/#breadcrumb\",\"itemListElement\":[{\"@type\":\"ListItem\",\"position\":1,\"name\":\"Home\",\"item\":\"https:\/\/imacellotti.it\/\"},{\"@type\":\"ListItem\",\"position\":2,\"name\":\"Boutique\",\"item\":\"https:\/\/imacellotti.it\/fr\/boutique\/\"},{\"@type\":\"ListItem\",\"position\":3,\"name\":\"B\u00c2TON DOUX\"}]},{\"@type\":\"WebSite\",\"@id\":\"https:\/\/imacellotti.it\/#website\",\"url\":\"https:\/\/imacellotti.it\/\",\"name\":\"I Macellotti\",\"description\":\"Vente de produits alimentaires\",\"publisher\":{\"@id\":\"https:\/\/imacellotti.it\/#organization\"},\"potentialAction\":[{\"@type\":\"SearchAction\",\"target\":{\"@type\":\"EntryPoint\",\"urlTemplate\":\"https:\/\/imacellotti.it\/?s={search_term_string}\"},\"query-input\":{\"@type\":\"PropertyValueSpecification\",\"valueRequired\":true,\"valueName\":\"search_term_string\"}}],\"inLanguage\":\"fr-FR\"},{\"@type\":\"Organization\",\"@id\":\"https:\/\/imacellotti.it\/#organization\",\"name\":\"I Macellotti\",\"url\":\"https:\/\/imacellotti.it\/\",\"logo\":{\"@type\":\"ImageObject\",\"inLanguage\":\"fr-FR\",\"@id\":\"https:\/\/imacellotti.it\/#\/schema\/logo\/image\/\",\"url\":\"https:\/\/imacellotti.it\/wp-content\/uploads\/2025\/07\/LOGO_ITA_SF_I_MACELLOTTI_SCRITTA_IN-marrone-scaled.png\",\"contentUrl\":\"https:\/\/imacellotti.it\/wp-content\/uploads\/2025\/07\/LOGO_ITA_SF_I_MACELLOTTI_SCRITTA_IN-marrone-scaled.png\",\"width\":2560,\"height\":2560,\"caption\":\"I Macellotti\"},\"image\":{\"@id\":\"https:\/\/imacellotti.it\/#\/schema\/logo\/image\/\"}}]}<\/script>\n<!-- \/ Yoast SEO plugin. -->","yoast_head_json":{"title":"B\u00c2TON DOUX - I Macellotti","robots":{"index":"index","follow":"follow","max-snippet":"max-snippet:-1","max-image-preview":"max-image-preview:large","max-video-preview":"max-video-preview:-1"},"canonical":"https:\/\/imacellotti.it\/fr\/produit\/bastone-dolce\/","og_locale":"fr_FR","og_type":"article","og_title":"B\u00c2TON DOUX - I Macellotti","og_description":"Cette charcuterie au go\u00fbt doux et d\u00e9licat est con\u00e7u pour ceux qui aiment les go\u00fbts plus \u00e9quilibr\u00e9s et moins \u00e9pic\u00e9s. Pr\u00e9par\u00e9 avec de la viande de porc s\u00e9lectionn\u00e9e \u00e0 partir d\u2019un tannage simple, charcut\u00e9 dans sa forme allong\u00e9e typique et laiss\u00e9 m\u00fbrir calmement. Le r\u00e9sultat au palais donne un go\u00fbt rond l\u00e9g\u00e8rement aromatique qui s\u00e9duit par sa douceur naturelle. Pr\u00e9cis\u00e9ment en raison de sa caract\u00e9ristique, il est souvent accompagn\u00e9 de fromages plus ou moins \u00e9pic\u00e9s pour rendre les planches \u00e0 d\u00e9couper plus d\u00e9licates.","og_url":"https:\/\/imacellotti.it\/fr\/produit\/bastone-dolce\/","og_site_name":"I Macellotti","article_modified_time":"2025-09-25T22:08:02+00:00","og_image":[{"width":1080,"height":1080,"url":"https:\/\/imacellotti.it\/wp-content\/uploads\/2025\/07\/Bastone-Dolce.jpg","type":"image\/jpeg"}],"twitter_card":"summary_large_image","schema":{"@context":"https:\/\/schema.org","@graph":[{"@type":"WebPage","@id":"https:\/\/imacellotti.it\/fr\/produit\/bastone-dolce\/","url":"https:\/\/imacellotti.it\/fr\/produit\/bastone-dolce\/","name":"B\u00c2TON DOUX - I Macellotti","isPartOf":{"@id":"https:\/\/imacellotti.it\/#website"},"primaryImageOfPage":{"@id":"https:\/\/imacellotti.it\/fr\/produit\/bastone-dolce\/#primaryimage"},"image":{"@id":"https:\/\/imacellotti.it\/fr\/produit\/bastone-dolce\/#primaryimage"},"thumbnailUrl":"https:\/\/imacellotti.it\/wp-content\/uploads\/2025\/07\/Bastone-Dolce.jpg","datePublished":"2025-07-02T09:33:42+00:00","dateModified":"2025-09-25T22:08:02+00:00","breadcrumb":{"@id":"https:\/\/imacellotti.it\/fr\/produit\/bastone-dolce\/#breadcrumb"},"inLanguage":"fr-FR","potentialAction":[{"@type":"ReadAction","target":["https:\/\/imacellotti.it\/fr\/produit\/bastone-dolce\/"]}]},{"@type":"ImageObject","inLanguage":"fr-FR","@id":"https:\/\/imacellotti.it\/fr\/produit\/bastone-dolce\/#primaryimage","url":"https:\/\/imacellotti.it\/wp-content\/uploads\/2025\/07\/Bastone-Dolce.jpg","contentUrl":"https:\/\/imacellotti.it\/wp-content\/uploads\/2025\/07\/Bastone-Dolce.jpg","width":1080,"height":1080},{"@type":"BreadcrumbList","@id":"https:\/\/imacellotti.it\/fr\/produit\/bastone-dolce\/#breadcrumb","itemListElement":[{"@type":"ListItem","position":1,"name":"Home","item":"https:\/\/imacellotti.it\/"},{"@type":"ListItem","position":2,"name":"Boutique","item":"https:\/\/imacellotti.it\/fr\/boutique\/"},{"@type":"ListItem","position":3,"name":"B\u00c2TON DOUX"}]},{"@type":"WebSite","@id":"https:\/\/imacellotti.it\/#website","url":"https:\/\/imacellotti.it\/","name":"I Macellotti","description":"Vente de produits alimentaires","publisher":{"@id":"https:\/\/imacellotti.it\/#organization"},"potentialAction":[{"@type":"SearchAction","target":{"@type":"EntryPoint","urlTemplate":"https:\/\/imacellotti.it\/?s={search_term_string}"},"query-input":{"@type":"PropertyValueSpecification","valueRequired":true,"valueName":"search_term_string"}}],"inLanguage":"fr-FR"},{"@type":"Organization","@id":"https:\/\/imacellotti.it\/#organization","name":"I Macellotti","url":"https:\/\/imacellotti.it\/","logo":{"@type":"ImageObject","inLanguage":"fr-FR","@id":"https:\/\/imacellotti.it\/#\/schema\/logo\/image\/","url":"https:\/\/imacellotti.it\/wp-content\/uploads\/2025\/07\/LOGO_ITA_SF_I_MACELLOTTI_SCRITTA_IN-marrone-scaled.png","contentUrl":"https:\/\/imacellotti.it\/wp-content\/uploads\/2025\/07\/LOGO_ITA_SF_I_MACELLOTTI_SCRITTA_IN-marrone-scaled.png","width":2560,"height":2560,"caption":"I Macellotti"},"image":{"@id":"https:\/\/imacellotti.it\/#\/schema\/logo\/image\/"}}]}},"_links":{"self":[{"href":"https:\/\/imacellotti.it\/fr\/wp-json\/wp\/v2\/product\/1867","targetHints":{"allow":["GET"]}}],"collection":[{"href":"https:\/\/imacellotti.it\/fr\/wp-json\/wp\/v2\/product"}],"about":[{"href":"https:\/\/imacellotti.it\/fr\/wp-json\/wp\/v2\/types\/product"}],"replies":[{"embeddable":true,"href":"https:\/\/imacellotti.it\/fr\/wp-json\/wp\/v2\/comments?post=1867"}],"wp:featuredmedia":[{"embeddable":true,"href":"https:\/\/imacellotti.it\/fr\/wp-json\/wp\/v2\/media\/1354"}],"wp:attachment":[{"href":"https:\/\/imacellotti.it\/fr\/wp-json\/wp\/v2\/media?parent=1867"}],"wp:term":[{"taxonomy":"product_brand","embeddable":true,"href":"https:\/\/imacellotti.it\/fr\/wp-json\/wp\/v2\/product_brand?post=1867"},{"taxonomy":"product_cat","embeddable":true,"href":"https:\/\/imacellotti.it\/fr\/wp-json\/wp\/v2\/product_cat?post=1867"},{"taxonomy":"product_tag","embeddable":true,"href":"https:\/\/imacellotti.it\/fr\/wp-json\/wp\/v2\/product_tag?post=1867"}],"curies":[{"name":"wp","href":"https:\/\/api.w.org\/{rel}","templated":true}]}}